{"id":31,"date":"2021-04-05T14:07:39","date_gmt":"2021-04-05T14:07:39","guid":{"rendered":"http:\/\/nachleben.net\/?page_id=31"},"modified":"2021-04-06T13:18:13","modified_gmt":"2021-04-06T13:18:13","slug":"das-projekt","status":"publish","type":"page","link":"https:\/\/nachleben.net\/","title":{"rendered":"Das Projekt"},"content":{"rendered":"\t\t<div data-elementor-type=\"wp-page\" data-elementor-id=\"31\" class=\"elementor elementor-31\" data-elementor-settings=\"[]\">\n\t\t\t\t\t\t\t<div class=\"elementor-section-wrap\">\n\t\t\t\t\t\t\t<section class=\"elementor-section elementor-top-section elementor-element elementor-element-1527216e elementor-section-boxed elementor-section-height-default elementor-section-height-default\" data-id=\"1527216e\" data-element_type=\"section\">\n\t\t\t\t\t\t<div class=\"elementor-container elementor-column-gap-default\">\n\t\t\t\t\t<div class=\"elementor-column elementor-col-100 elementor-top-column elementor-element elementor-element-29f5a59e\" data-id=\"29f5a59e\" data-element_type=\"column\">\n\t\t\t<div class=\"elementor-widget-wrap elementor-element-populated\">\n\t\t\t\t\t\t\t\t<section class=\"elementor-section elementor-inner-section elementor-element elementor-element-6fea33f elementor-section-boxed elementor-section-height-default elementor-section-height-default\" data-id=\"6fea33f\" data-element_type=\"section\">\n\t\t\t\t\t\t<div class=\"elementor-container elementor-column-gap-default\">\n\t\t\t\t\t<div class=\"elementor-column elementor-col-50 elementor-inner-column elementor-element elementor-element-5108698\" data-id=\"5108698\" data-element_type=\"column\">\n\t\t\t<div class=\"elementor-widget-wrap elementor-element-populated\">\n\t\t\t\t\t\t\t\t<div class=\"elementor-element elementor-element-d5b45a7 elementor-widget elementor-widget-text-editor\" data-id=\"d5b45a7\" data-element_type=\"widget\" data-widget_type=\"text-editor.default\">\n\t\t\t\t<div class=\"elementor-widget-container\">\n\t\t\t\t\t<div class=\"elementor-text-editor elementor-clearfix\"><p><span style=\"font-size: 18pt; color: black;\">Berufsbildung f\u00fcr nachhaltige Entwicklung (BBNE)<\/span><\/p>\n<p><span style=\"font-size: 10pt;\">Bildung f\u00fcr nachhaltige Entwicklung (BNE) gilt als postuliertes Nachhaltigkeitsziel, stellt aber gleichzeitig den Schl\u00fcssel f\u00fcr eine langfristige Verankerung aller Ziele einer nachhaltigen Entwicklung dar. Voraussetzung f\u00fcr die Umsetzung von Nachhaltigkeit bzw. f\u00fcr nachhaltiges Denken und Handeln ist eine entsprechende Bewertungs-, Gestaltungs- und Systemkompetenz. Berufliche Bildung f\u00fcr nachhaltige Entwicklung (BBNE) setzt an diesem Punkt an, indem Kompetenzen f\u00fcr nachhaltiges Arbeiten und Wirtschaften gef\u00f6rdert werden.<\/span><\/p>\n<p>\u00a0<\/p>\n<p><span style=\"font-size: 18pt; color: black;\">Ern\u00e4hrung als zentrales Thema<\/span><\/p>\n<p><span style=\"font-size: 10pt;\">Ern\u00e4hrung ist dabei ein zentrales Thema nachhaltiger Entwicklung. In Sachsen-Anhalt bilden Lebensmittelindustrie und -handwerk eine der gr\u00f6\u00dften Wirtschaftsbranchen. F\u00fcr die Ausbildungsordnungen der Berufe sowie Weiterbildungen in Lebensmittelhandwerk und -industrie fehlen jedoch fachdidaktische Lehr-Lernarrangements (L-L-A) zur Vermittlung von Nachhaltigkeitskompetenzen bei Auszubildenden und Ausbilder\/innen.<\/span><\/p>\n<p><span style=\"font-size: 10pt;\">\u00a0<\/span><\/p>\n<p><span style=\"font-size: 18pt; color: black;\">Projektziele &amp; Vorgehen<\/span><\/p>\n<p><span style=\"font-size: 10pt;\">Der Modellversuch \u201eNachLeben\u201c nimmt sich dieser Herausforderung an, indem er situierte lernort\u00fcbergreifende L-L-As f\u00fcr Lebensmittelindustrie und -handwerk entwickelt, betrieblich erprobt, evaluiert und verbreitet. Dabei werden die einzelnen Dimensionen der Nachhaltigkeit (\u00f6kologisch, sozial, \u00f6konomisch) nicht isoliert voneinander, sondern ganzheitlich betrachtet. Zentraler Leitgedanke der \u201eNachLeben\u201c L-L-As ist, dass sich die Dimensionen in konkreten beruflichen Handlungsfeldern und -situationen manifestieren.<\/span><\/p>\n<p><span style=\"font-size: 10pt;\"><!-- \/wp:paragraph --><\/span><\/p>\n<p><span style=\"font-size: 10pt;\"><!-- wp:paragraph --><\/span><\/p>\n<p>\u00a0<\/p>\n<p><span style=\"font-size: 10pt;\">Im Vorfeld der Konzeption der L-L-As wurde neben einer Analyse der Ausbildungsverordnung, eine Bedarfs- und Anforderungsanalyse in Form von leitfadengest\u00fctzten Interviews mit den Erprobungspartnern durchgef\u00fchrt. Die Ergebnisse geben einerseits Aufschl\u00fcsse dar\u00fcber, inwieweit sich insbesondere situierte Lehr-Lernarrangements eignen, um Nachhaltigkeitsinhalte im betrieblichen (Ausbildungs-) Umfeld zu vermitteln. Andererseits zeigen sie, inwieweit sich die Entwicklung beruflicher Handlungskompetenz mit den Ans\u00e4tzen zur Entwicklung von Bewertungs-, Gestaltungs- und Systemkompetenz vereinbaren l\u00e4sst.<\/span><\/p>\n<p><span style=\"font-size: 10pt;\">\u00a0<\/span><\/p>\n<p><span style=\"font-size: 18pt; color: black;\">Welche Ausbildungsberufe werden einbezogen?<\/span><\/p>\n<p><span style=\"font-size: 10pt;\">Die Erprobungsberufe des Projektvorhabens umfassen die dualen Berufsausbildungen S\u00fc\u00dfwarentechnologe\/in, Fachkraft Lebensmitteltechnik, Destillateur\/in und Weintechnologe\/in.<\/span><\/p>\n<p><span style=\"font-size: 10pt;\">\u00a0<\/span><\/p><\/div>\n\t\t\t\t<\/div>\n\t\t\t\t<\/div>\n\t\t\t\t\t<\/div>\n\t\t<\/div>\n\t\t\t\t<div class=\"elementor-column elementor-col-50 elementor-inner-column elementor-element elementor-element-bf2b310\" data-id=\"bf2b310\" data-element_type=\"column\">\n\t\t\t<div class=\"elementor-widget-wrap elementor-element-populated\">\n\t\t\t\t\t\t\t\t<div class=\"elementor-element elementor-element-ea5f970 elementor-widget elementor-widget-text-editor\" data-id=\"ea5f970\" data-element_type=\"widget\" data-widget_type=\"text-editor.default\">\n\t\t\t\t<div class=\"elementor-widget-container\">\n\t\t\t\t\t<div class=\"elementor-text-editor elementor-clearfix\"><p><span style=\"font-size: 12pt;color: black;\">Projekttitel<\/span><br \/><span style=\"font-size: 8pt; color: var( --e-global-color-text );\">\u201eNachLeben \u2013 Nachhaltigkeit in den Lebensmittelberufen. Situierte Lehr-Lernarrangements zur F\u00f6rderung der Bewertungs-, Gestaltungs- und Systemkompetenz in der betrieblichen Ausbildung\u201c<\/span><\/p><\/div>\n\t\t\t\t<\/div>\n\t\t\t\t<\/div>\n\t\t\t\t<div class=\"elementor-element elementor-element-ac023c1 elementor-widget elementor-widget-text-editor\" data-id=\"ac023c1\" data-element_type=\"widget\" data-widget_type=\"text-editor.default\">\n\t\t\t\t<div class=\"elementor-widget-container\">\n\t\t\t\t\t<div class=\"elementor-text-editor elementor-clearfix\"><p><span style=\"font-size: 14pt; color: black;\">Laufzeit<\/span><span style=\"font-size: 18.6667px;\"><br \/><\/span><span style=\"font-size: 8pt; color: var( --e-global-color-text ); font-family: var( --e-global-typography-text-font-family ), Sans-serif; font-weight: var( --e-global-typography-text-font-weight );\">01.05.2018 &#8211;\u00a0 31.10.2021<\/span><\/p><\/div>\n\t\t\t\t<\/div>\n\t\t\t\t<\/div>\n\t\t\t\t<div class=\"elementor-element elementor-element-04dbdc1 elementor-widget elementor-widget-text-editor\" data-id=\"04dbdc1\" data-element_type=\"widget\" data-widget_type=\"text-editor.default\">\n\t\t\t\t<div class=\"elementor-widget-container\">\n\t\t\t\t\t<div class=\"elementor-text-editor elementor-clearfix\"><p><span style=\"font-size: 14pt;color: black;\">F\u00f6rderung<\/span><span style=\"font-size: 18.6667px;\"><br \/><\/span><span style=\"font-size: 8pt; color: var( --e-global-color-text ); font-family: var( --e-global-typography-text-font-family ), Sans-serif; font-weight: var( --e-global-typography-text-font-weight );\">Bundesinstitut f\u00fcr Berufsbildung (BiBB) aus Mitteln des Bundesministeriums f\u00fcr Bildung und Forschung (BMBF)<\/span><\/p><\/div>\n\t\t\t\t<\/div>\n\t\t\t\t<\/div>\n\t\t\t\t\t<\/div>\n\t\t<\/div>\n\t\t\t\t\t\t\t<\/div>\n\t\t<\/section>\n\t\t\t\t<div class=\"elementor-element elementor-element-9afcf22 elementor-widget elementor-widget-text-editor\" data-id=\"9afcf22\" data-element_type=\"widget\" data-widget_type=\"text-editor.default\">\n\t\t\t\t<div class=\"elementor-widget-container\">\n\t\t\t\t\t<div class=\"elementor-text-editor elementor-clearfix\"><\/div>\n\t\t\t\t<\/div>\n\t\t\t\t<\/div>\n\t\t\t\t\t<\/div>\n\t\t<\/div>\n\t\t\t\t\t\t\t<\/div>\n\t\t<\/section>\n\t\t\t\t\t\t<\/div>\n\t\t\t\t\t<\/div>\n\t\t","protected":false},"excerpt":{"rendered":"<p>Berufsbildung f\u00fcr nachhaltige Entwicklung (BBNE) Bildung f\u00fcr nachhaltige Entwicklung (BNE) gilt als postuliertes Nachhaltigkeitsziel, stellt aber gleichzeitig den Schl\u00fcssel f\u00fcr eine langfristige Verankerung aller Ziele einer nachhaltigen Entwicklung dar. Voraussetzung f\u00fcr die Umsetzung von Nachhaltigkeit bzw. f\u00fcr nachhaltiges Denken und Handeln ist eine entsprechende Bewertungs-, Gestaltungs- und Systemkompetenz. Berufliche Bildung f\u00fcr nachhaltige Entwicklung (BBNE) setzt &hellip; <\/p>\n<p class=\"link-more\"><a href=\"https:\/\/nachleben.net\/\" class=\"more-link\"><span class=\"screen-reader-text\">\u201eDas Projekt\u201c<\/span> weiterlesen<\/a><\/p>\n","protected":false},"author":3,"featured_media":0,"parent":0,"menu_order":0,"comment_status":"closed","ping_status":"closed","template":"","meta":[],"_links":{"self":[{"href":"https:\/\/nachleben.net\/index.php?rest_route=\/wp\/v2\/pages\/31"}],"collection":[{"href":"https:\/\/nachleben.net\/index.php?rest_route=\/wp\/v2\/pages"}],"about":[{"href":"https:\/\/nachleben.net\/index.php?rest_route=\/wp\/v2\/types\/page"}],"author":[{"embeddable":true,"href":"https:\/\/nachleben.net\/index.php?rest_route=\/wp\/v2\/users\/3"}],"replies":[{"embeddable":true,"href":"https:\/\/nachleben.net\/index.php?rest_route=%2Fwp%2Fv2%2Fcomments&post=31"}],"version-history":[{"count":74,"href":"https:\/\/nachleben.net\/index.php?rest_route=\/wp\/v2\/pages\/31\/revisions"}],"predecessor-version":[{"id":357,"href":"https:\/\/nachleben.net\/index.php?rest_route=\/wp\/v2\/pages\/31\/revisions\/357"}],"wp:attachment":[{"href":"https:\/\/nachleben.net\/index.php?rest_route=%2Fwp%2Fv2%2Fmedia&parent=31"}],"curies":[{"name":"wp","href":"https:\/\/api.w.org\/{rel}","templated":true}]}}